{"id":605,"date":"2020-07-28T20:20:03","date_gmt":"2020-07-28T17:20:03","guid":{"rendered":"https:\/\/cyannakopoulos.gr\/viografiko\/"},"modified":"2025-03-07T13:35:20","modified_gmt":"2025-03-07T10:35:20","slug":"biographie","status":"publish","type":"page","link":"https:\/\/cyannakopoulos.gr\/fr\/biographie\/","title":{"rendered":"Biographie"},"content":{"rendered":"<p><img loading=\"lazy\" decoding=\"async\" class=\"size-medium wp-image-4016 alignright\" src=\"https:\/\/cyannakopoulos.gr\/wp-content\/uploads\/2025\/03\/giannakopoulos-300x300.jpg\" alt=\"\" width=\"300\" height=\"300\" srcset=\"https:\/\/cyannakopoulos.gr\/wp-content\/uploads\/2025\/03\/giannakopoulos-300x300.jpg 300w, https:\/\/cyannakopoulos.gr\/wp-content\/uploads\/2025\/03\/giannakopoulos-1024x1024.jpg 1024w, https:\/\/cyannakopoulos.gr\/wp-content\/uploads\/2025\/03\/giannakopoulos-768x768.jpg 768w, https:\/\/cyannakopoulos.gr\/wp-content\/uploads\/2025\/03\/giannakopoulos.jpg 1080w\" sizes=\"auto, (max-width: 300px) 100vw, 300px\" \/><\/p>\n<p>Constantin Yannakopoulos est n\u00e9 \u00e0 Ath\u00e8nes en 1968. Il a poursuivi ses \u00e9tudes secondaires \u00e0 l\u2019\u00c9cole \u00ab Varvakeios \u00bb d\u2019Ath\u00e8nes. Apr\u00e8s avoir \u00e9t\u00e9 titulaire de la Ma\u00eetrise en droit de la Facult\u00e9 de droit de l\u2019Universit\u00e9 d\u2019Ath\u00e8nes (1986-1990), il a obtenu le dipl\u00f4me de DEA de droit public interne (1991) de l\u2019Universit\u00e9 Panth\u00e9on -Assas (Paris 2) et est devenu Docteur en droit de la m\u00eame Universit\u00e9 en soutenant sa th\u00e8se de doctorat consacr\u00e9e \u00e0 \u00ab La notion de droits acquis en droit administratif fran\u00e7ais \u00bb sous la direction du Professeur Y. Gaudemet (1995).<\/p>\n<p>En 2019 il a \u00e9t\u00e9 \u00e9lu Professeur de droit administratif \u00e0 la Facult\u00e9 de droit de l\u2019Universit\u00e9 d\u2019Ath\u00e8nes, apr\u00e8s avoir \u00e9t\u00e9 \u00e9lu Ma\u00eetre de conf\u00e9rences (2002), Professeur adjoint (2007) et Professeur associ\u00e9 (2015) \u00e0 la m\u00eame Facult\u00e9. Il enseigne le droit administratif g\u00e9n\u00e9ral, le droit du contentieux administratif, le droit des march\u00e9s publics, le droit public et le droit public compar\u00e9.<\/p>\n<p>Depuis l\u2019ann\u00e9e universitaire 2013-2014 il est Professeur invit\u00e9 \u00e0 l\u2019Universit\u00e9 Jean Moulin Lyon 3 o\u00f9 il enseigne le droit europ\u00e9en de la commande publique.<\/p>\n<p>Depuis 1992 il est membre du Barreau d\u2019Ath\u00e8nes. Il a \u00e9t\u00e9 membre fondateur de la Soci\u00e9t\u00e9 d\u2019avocats \u00ab Dellis \u2013 Yannakopoulos \u00bb (2000-2016). Depuis 2016 il est membre fondateur de la Soci\u00e9t\u00e9 d\u2019avocats \u00ab Yannakopoulos \u2013 Filippatos \u00bb.<\/p>\n<p>Il a \u00e9t\u00e9 R\u00e9f\u00e9rendaire \u00e0 la Cour de justice des communaut\u00e9s europ\u00e9ennes au cabinet de l\u2019Avocat g\u00e9n\u00e9ral G. Cosmas (1998-2000).<\/p>\n<p>De 2006 jusqu&rsquo;en 2025 il \u00e9tait est coordinateur d\u2019\u00e9dition de la revue juridique grecque \u00ab Journal de droit administratif \u00bb (\u00c9ditions Sakkoulas, Ath\u00e8nes \u2013 Salonique).<\/p>\n<p>Depuis 2008 il est membre associ\u00e9 du Centre de recherche \u00ab Versailles Saint-Quentin Institutions Publiques \u00bb (VIP) de l\u2019Universit\u00e9 de Versailles Saint-Quentin-en-Yvelines \u2013 Facult\u00e9 de Droit et Science Politique.<\/p>\n<p>Il a \u00e9t\u00e9 membre suppl\u00e9ant de la Cour sp\u00e9ciale pour le jugement des litiges relatifs aux r\u00e9mun\u00e9rations de tout type et aux retraites des magistrats (article 88 par. 2 de la Constitution grecque) pour les ann\u00e9es 2021 et 2024 et membre suppl\u00e9ant de la Cour sp\u00e9ciale pour le jugement des prises \u00e0 partie contre des magistrats (article 99 de la Constitution grecque) pour l&rsquo;ann\u00e9e 2024.<\/p>\n<p>Depuis f\u00e9vrier 2024, il est membre du comit\u00e9 de r\u00e9daction de la revue \u00e9lectronique grecque \u00ab Nomarchia \u00bb (nomarchia.gr).<\/p>\n<p>Il est mari\u00e9 avec Roxane Papadimitriou. Ils ont deux filles, Marina et Karolina.<\/p>\n","protected":false},"excerpt":{"rendered":"<p>Constantin Yannakopoulos est n\u00e9 \u00e0 Ath\u00e8nes en 1968. Il a poursuivi ses \u00e9tudes secondaires \u00e0 l\u2019\u00c9cole \u00ab Varvakeios \u00bb d\u2019Ath\u00e8nes. Apr\u00e8s avoir \u00e9t\u00e9 titulaire de la Ma\u00eetrise en droit de la Facult\u00e9 de droit de l\u2019Universit\u00e9 d\u2019Ath\u00e8nes (1986-1990), il a obtenu le dipl\u00f4me de DEA de droit public interne (1991) de l\u2019Universit\u00e9 Panth\u00e9on -Assas (Paris [&hellip;]<\/p>\n","protected":false},"author":1,"featured_media":0,"parent":0,"menu_order":1,"comment_status":"closed","ping_status":"closed","template":"page-cv-template.php","meta":{"_acf_changed":false,"footnotes":"","_links_to":"","_links_to_target":""},"class_list":["post-605","page","type-page","status-publish","hentry"],"acf":[],"_links":{"self":[{"href":"https:\/\/cyannakopoulos.gr\/fr\/wp-json\/wp\/v2\/pages\/605","targetHints":{"allow":["GET"]}}],"collection":[{"href":"https:\/\/cyannakopoulos.gr\/fr\/wp-json\/wp\/v2\/pages"}],"about":[{"href":"https:\/\/cyannakopoulos.gr\/fr\/wp-json\/wp\/v2\/types\/page"}],"author":[{"embeddable":true,"href":"https:\/\/cyannakopoulos.gr\/fr\/wp-json\/wp\/v2\/users\/1"}],"replies":[{"embeddable":true,"href":"https:\/\/cyannakopoulos.gr\/fr\/wp-json\/wp\/v2\/comments?post=605"}],"version-history":[{"count":1,"href":"https:\/\/cyannakopoulos.gr\/fr\/wp-json\/wp\/v2\/pages\/605\/revisions"}],"predecessor-version":[{"id":4024,"href":"https:\/\/cyannakopoulos.gr\/fr\/wp-json\/wp\/v2\/pages\/605\/revisions\/4024"}],"wp:attachment":[{"href":"https:\/\/cyannakopoulos.gr\/fr\/wp-json\/wp\/v2\/media?parent=605"}],"curies":[{"name":"wp","href":"https:\/\/api.w.org\/{rel}","templated":true}]}}